{"id":3389,"date":"2018-02-20T10:47:49","date_gmt":"2018-02-20T10:47:49","guid":{"rendered":"https:\/\/enovathemes.com\/globax\/?page_id=3389"},"modified":"2022-10-12T17:10:36","modified_gmt":"2022-10-12T17:10:36","slug":"home","status":"publish","type":"page","link":"https:\/\/transportour.com.co\/","title":{"rendered":"Home"},"content":{"rendered":"<p>[vc_section][vc_row gap=&#8221;0&#8243; css=&#8221;.vc_custom_1660233108450{border-top-width: 120px !important;}&#8221; el_class=&#8221;text-center&#8221;][vc_column animation_delay=&#8221;0&#8243; offset=&#8221;vc_col-lg-12 vc_col-md-8 vc_col-xs-12&#8243;]<h4 class=\"et-highlight-title \" style=\"font-size:16px;font-weight:800;line-height:24px;letter-spacing:0.5px;color:#027cc2;\" data-mobile-font=\"inherit\" data-tablet-font=\"inherit\"><span class=\"title-inner\">NUESTROS SERVICIOS<span class=\"highlight-line\" style=\"background-color:#fd8c40;\"><\/span><\/span><\/h4><h4 id=\"et-animated-title-1\" class=\"et-animated-title et-clearfix  words-direct\" data-mobile-font=\"32px\" data-tablet-font=\"inherit\" data-delay=\"100\" style=\"font-size:23px;font-weight:700;line-height:56px;color:#212121;\"><span class=\"text-wrapper\"><span class=\"text\">Tienes una necesidad, nosotros tenemos la <span class=\"highlight text-center\" style=\"color: #fd8c40;\">SOLUCI\u00d3N<\/span><\/span><\/span><\/h4>[\/vc_column][vc_column animation_delay=&#8221;0&#8243; width=&#8221;1\/2&#8243; offset=&#8221;vc_hidden-lg vc_hidden-md vc_hidden-sm vc_hidden-xs&#8221;][\/vc_column][\/vc_row][vc_row gap=&#8221;0&#8243; css=&#8221;.vc_custom_1531831408148{padding-bottom: 64px !important;}&#8221;][vc_column animation_delay=&#8221;0&#8243; css=&#8221;.vc_custom_1530713434392{background-image: url(https:\/\/enovathemes.com\/globax\/wp-content\/uploads\/world.jpg?id=11623) !important;background-position: center !important;background-repeat: no-repeat !important;background-size: contain !important;}&#8221;]<div class=\"et-content-box-wrapper\"><style>#et-content-box-1{margin-left:-40px;margin-right:-40px;}#et-content-box-1 .box-item-inner {padding:40px}<\/style><div id=\"et-content-box-1\" class=\"et-content-box et-item-set et-clearfix hover-icon-move large icon-position-top icon-alignment-center effect-type-random effect-moveUp\" data-columns=\"2\"><div class=\"box-item-wrapper et-item et-box-item\"><style>#box-item-1 .et-icon-wrap {}#box-item-1 .et-icon-wrap > .et-icon {color:#fd8c40;}<\/style><div id=\"box-item-1\"  class=\"box-item-inner et-item-inner\"><div class=\"box-item-content-wrapper et-clearfix\"><div class=\"et-icon-wrap \"><span class=\"box-hover\" style=\"\" ><\/span><span class=\"glint\" style=\"background-color:#fd8c40;\"><\/span><span class=\"et-icon fa fa-bus\"><\/span><\/div><div class=\"clearfix\"><\/div><div class=\"box-item-content et-clearfix\">[vc_custom_heading text=&#8221;TRANSPORTE EMPRESARIAL&#8221; font_container=&#8221;tag:h5|font_size:18px|text_align:center|line_height:32px&#8221; use_theme_fonts=&#8221;yes&#8221; el_class=&#8221;letter-spacing-50&#8243; css=&#8221;.vc_custom_1648777455510{margin-bottom: 16px !important;}&#8221;][vc_column_text css_animation=&#8221;fadeInLeft&#8221; css=&#8221;.vc_custom_1660232147284{margin-bottom: 16px !important;}&#8221;]Transportamos de forma segura y \u00e1gil a sus empleados, dise\u00f1amos rutas optimizadas, contamos con protocolos de bioseguridad.[\/vc_column_text]<\/div><\/div><\/div><\/div><div class=\"box-item-wrapper et-item et-box-item\"><style>#box-item-2 .et-icon-wrap {}#box-item-2 .et-icon-wrap > .et-icon {color:#fd8c40;}<\/style><div id=\"box-item-2\"  class=\"box-item-inner et-item-inner\"><div class=\"box-item-content-wrapper et-clearfix\"><div class=\"et-icon-wrap \"><span class=\"box-hover\" style=\"\" ><\/span><span class=\"glint\" style=\"background-color:#fd8c40;\"><\/span><span class=\"et-icon fa fa-briefcase\"><\/span><\/div><div class=\"clearfix\"><\/div><div class=\"box-item-content et-clearfix\">[vc_custom_heading text=&#8221;TRANSPORTE EJECUTIVO&#8221; font_container=&#8221;tag:h5|font_size:18px|text_align:center|line_height:32px&#8221; use_theme_fonts=&#8221;yes&#8221; el_class=&#8221;letter-spacing-50&#8243; css=&#8221;.vc_custom_1648777491518{margin-bottom: 16px !important;}&#8221;][vc_column_text css_animation=&#8221;fadeInLeft&#8221; css=&#8221;.vc_custom_1650047942133{margin-bottom: 16px !important;}&#8221;]Contamos con diferentes tipos de veh\u00edculos que se ajustan a las necesidades de cada cliente, dise\u00f1amos rutas\u00a0 y logistica ideal para llegar a cada destino.[\/vc_column_text]<\/div><\/div><\/div><\/div><div class=\"box-item-wrapper et-item et-box-item\"><style>#box-item-3 .et-icon-wrap {}#box-item-3 .et-icon-wrap > .et-icon {color:#fd8c40;}<\/style><div id=\"box-item-3\"  class=\"box-item-inner et-item-inner\"><div class=\"box-item-content-wrapper et-clearfix\"><div class=\"et-icon-wrap \"><span class=\"box-hover\" style=\"\" ><\/span><span class=\"glint\" style=\"background-color:#fd8c40;\"><\/span><span class=\"et-icon fa fa-child\"><\/span><\/div><div class=\"clearfix\"><\/div><div class=\"box-item-content et-clearfix\">[vc_custom_heading text=&#8221;TRANSPORTE ESCOLAR&#8221; font_container=&#8221;tag:h5|font_size:18px|text_align:center|line_height:32px&#8221; use_theme_fonts=&#8221;yes&#8221; el_class=&#8221;letter-spacing-50&#8243; css=&#8221;.vc_custom_1648777567532{margin-bottom: 16px !important;}&#8221;][vc_column_text css_animation=&#8221;fadeInLeft&#8221; css=&#8221;.vc_custom_1660231904185{margin-bottom: 16px !important;}&#8221;]Desarrollamos procesos amigables con el medio ambiente. Veh\u00edculos a los que realizamos el mantenimiento en centros especializados.[\/vc_column_text]<\/div><\/div><\/div><\/div><div class=\"box-item-wrapper et-item et-box-item\"><style>#box-item-4 .et-icon-wrap {}#box-item-4 .et-icon-wrap > .et-icon {color:#fd8c40;}<\/style><div id=\"box-item-4\"  class=\"box-item-inner et-item-inner\"><div class=\"box-item-content-wrapper et-clearfix\"><div class=\"et-icon-wrap \"><span class=\"box-hover\" style=\"\" ><\/span><span class=\"glint\" style=\"background-color:#fd8c40;\"><\/span><span class=\"et-icon fa fa-sun\"><\/span><\/div><div class=\"clearfix\"><\/div><div class=\"box-item-content et-clearfix\">[vc_custom_heading text=&#8221;TRANSPORTE TURISTICO&#8221; font_container=&#8221;tag:h5|font_size:18px|text_align:center|line_height:32px&#8221; use_theme_fonts=&#8221;yes&#8221; el_class=&#8221;letter-spacing-50&#8243; css=&#8221;.vc_custom_1648777522198{margin-bottom: 16px !important;}&#8221;][vc_column_text css_animation=&#8221;fadeInRightBig&#8221; css=&#8221;.vc_custom_1650049452370{margin-bottom: 16px !important;}&#8221;]Te acompa\u00f1amos a disfrutar de los lugares m\u00e1s maravilloso de Colombia, Viaje seguro y comodo.[\/vc_column_text]<\/div><\/div><\/div><\/div><\/div><\/div>[\/vc_column][\/vc_row][\/vc_section][vc_row gap=&#8221;40&#8243; css=&#8221;.vc_custom_1648780122843{padding-top: 20px !important;padding-bottom: 48px !important;}&#8221;][vc_column animation_delay=&#8221;0&#8243; offset=&#8221;vc_col-lg-6 vc_col-md-6 vc_col-xs-12&#8243; css=&#8221;.vc_custom_1647817253250{border-top-width: 100px !important;}&#8221;]<h6 class=\"et-highlight-title \" style=\"font-size:18px;font-weight:700;line-height:24px;letter-spacing:0.5px;color:#1e73be;\" data-mobile-font=\"inherit\" data-tablet-font=\"inherit\"><span class=\"title-inner\">NUESTRA EMPRESA<span class=\"highlight-line\" style=\"background-color:#fd8c40;\"><\/span><\/span><\/h6><div class=\"gap et-clearfix \" style=\"height:12px\"><\/div>[vc_single_image image=&#8221;14112&#8243; img_size=&#8221;large&#8221; alignment=&#8221;center&#8221; css=&#8221;.vc_custom_1660234978078{background-position: center !important;background-repeat: no-repeat !important;background-size: contain !important;}&#8221;][vc_column_text]<\/p>\n<p style=\"text-align: justify;\">Empresa dedicada a la prestaci\u00f3n de servicio de transporte terrestre especial de pasajeros, busca la satisfacci\u00f3n del cliente y sus partes interesadas, brindando un servicio oportuno, confiable y seguro.<\/p>\n<p>[\/vc_column_text][vc_column_text]<\/p>\n<p style=\"text-align: justify;\">Estamos comprometidos con el mejoramiento continuo de la empresa,\u00a0 manteniendo condiciones seguras, previniendo accidentes y enfermedades laborales por medio de una adecuada implementaci\u00f3n del Sistema de Gesti\u00f3n de Seguridad y Salud en el Trabajo.<\/p>\n<p style=\"text-align: justify;\">Velamos por una estricta ejecuci\u00f3n de nuestro plan estrat\u00e9gico de Seguridad Vial con el cual buscamos mantener una baja tasa de accidentes de tr\u00e1nsito<\/p>\n<p>[\/vc_column_text]<a target=\"_self\" href=\"https:\/\/transportour.com.co\/index.php\/about-us\/\" id=\"et-line-button-1\" style=\"color:#9a9a9a;\" class=\"et-line-button  modal-false false\"><span class=\"text\">VER M\u00c1S INFO<\/span><span style=\"background-color:#fd8c40;\" class=\"line-before line\"><\/span><span style=\"background-color:#fd8c40;\" class=\"line-after line\"><\/span><\/a>[\/vc_column][vc_column animation_delay=&#8221;150&#8243; css_animation=&#8221;left-to-right&#8221; over768_under_1024_padding_left=&#8221;15%&#8221; over768_under_1024_padding_right=&#8221;15%&#8221; offset=&#8221;vc_col-lg-6 vc_col-md-6 vc_col-xs-12&#8243; el_class=&#8221;text767-align-center&#8221;][vc_custom_heading text=&#8221;EXPERIENCIA Y CALIDAD&#8221; font_container=&#8221;tag:div|font_size:18px|text_align:center|color:%23ffffff|line_height:32px&#8221; google_fonts=&#8221;font_family:Montserrat%3Aregular%2C700|font_style:700%20bold%20regular%3A700%3Anormal&#8221; css=&#8221;.vc_custom_1648780046030{margin-left: 72px !important;padding-top: 8px !important;padding-right: 16px !important;padding-bottom: 8px !important;padding-left: 16px !important;background-color: #fd8c40 !important;}&#8221; el_class=&#8221;heading-display-inline-block&#8221;]<div class=\"gap et-clearfix \" style=\"height:48px\"><\/div><div class=\"et-content-box-wrapper\"><style>#et-content-box-2 .et-icon-wrap {border-radius:500px;}<\/style><div id=\"et-content-box-2\" class=\"et-content-box et-item-set et-clearfix hover-none small icon-position-left icon-alignment-left effect-type-sequential effect-none\" data-columns=\"1\"><div class=\"box-item-wrapper et-item et-box-item\"><style>#box-item-5 .et-icon-wrap {box-shadow:inset 0 0 0 4px #fd8c40;}#box-item-5 .et-icon-wrap > .et-icon {color:#fd8c40;}#box-item-5:hover .et-icon-wrap {box-shadow:inset 0 0 0 4px #212121;}#box-item-5:hover .et-icon-wrap > .et-icon {color:#212121;}<\/style><div id=\"box-item-5\"  class=\"box-item-inner et-item-inner\"><div class=\"box-item-content-wrapper et-clearfix\"><div class=\"et-icon-wrap full\"><span class=\"box-hover\" style=\"width:calc(100% - 8px);height:calc(100% - 8px);\" ><\/span><span class=\"glint\" style=\"background-color:#212121;\"><\/span><span class=\"et-icon fa fa-check\"><\/span><\/div><div class=\"clearfix\"><\/div><div class=\"box-item-content et-clearfix\">[vc_custom_heading text=&#8221;Experiencia&#8221; font_container=&#8221;tag:h6|font_size:18px|text_align:left|color:%23212121|line_height:32px&#8221; use_theme_fonts=&#8221;yes&#8221; css=&#8221;.vc_custom_1648086875607{margin-bottom: 8px !important;}&#8221;][vc_custom_heading text=&#8221;Conductores profesionales con experiencia y cursos de manejo defensivo, mec\u00e1nica b\u00e1sica 4X4, marco legal y primero auxilios&#8221; font_container=&#8221;tag:p|font_size:18px|text_align:left|color:%23616161|line_height:32px&#8221; use_theme_fonts=&#8221;yes&#8221;]<\/div><\/div><\/div><\/div><div class=\"box-item-wrapper et-item et-box-item\"><style>#box-item-6 .et-icon-wrap {box-shadow:inset 0 0 0 4px #fd8c40;}#box-item-6 .et-icon-wrap > .et-icon {color:#fd8c40;}#box-item-6:hover .et-icon-wrap {box-shadow:inset 0 0 0 4px #212121;}#box-item-6:hover .et-icon-wrap > .et-icon {color:#212121;}<\/style><div id=\"box-item-6\"  class=\"box-item-inner et-item-inner\"><div class=\"box-item-content-wrapper et-clearfix\"><div class=\"et-icon-wrap full\"><span class=\"box-hover\" style=\"width:calc(100% - 8px);height:calc(100% - 8px);\" ><\/span><span class=\"glint\" style=\"background-color:#212121;\"><\/span><span class=\"et-icon fa fa-check\"><\/span><\/div><div class=\"clearfix\"><\/div><div class=\"box-item-content et-clearfix\">[vc_custom_heading text=&#8221;Seguridad y Confianza&#8221; font_container=&#8221;tag:h6|font_size:18px|text_align:left|color:%23212121|line_height:32px&#8221; use_theme_fonts=&#8221;yes&#8221; css=&#8221;.vc_custom_1648086909685{margin-bottom: 8px !important;}&#8221;][vc_custom_heading text=&#8221;PESV con los requisitos Ministerio de Transporte, cumplimiento de estandares por la ARL y toda la normatividad legal vigente.&#8221; font_container=&#8221;tag:p|font_size:18px|text_align:left|color:%23616161|line_height:32px&#8221; use_theme_fonts=&#8221;yes&#8221;]<\/div><\/div><\/div><\/div><div class=\"box-item-wrapper et-item et-box-item\"><style>#box-item-7 .et-icon-wrap {box-shadow:inset 0 0 0 4px #fd8c40;}#box-item-7 .et-icon-wrap > .et-icon {color:#fd8c40;}#box-item-7:hover .et-icon-wrap {box-shadow:inset 0 0 0 4px #212121;}#box-item-7:hover .et-icon-wrap > .et-icon {color:#212121;}<\/style><div id=\"box-item-7\"  class=\"box-item-inner et-item-inner\"><div class=\"box-item-content-wrapper et-clearfix\"><div class=\"et-icon-wrap full\"><span class=\"box-hover\" style=\"width:calc(100% - 8px);height:calc(100% - 8px);\" ><\/span><span class=\"glint\" style=\"background-color:#212121;\"><\/span><span class=\"et-icon fa fa-check\"><\/span><\/div><div class=\"clearfix\"><\/div><div class=\"box-item-content et-clearfix\">[vc_custom_heading text=&#8221;Bienestar y Tranquilidad&#8221; font_container=&#8221;tag:h6|font_size:18px|text_align:left|color:%23212121|line_height:32px&#8221; use_theme_fonts=&#8221;yes&#8221; css=&#8221;.vc_custom_1648087021929{margin-bottom: 8px !important;}&#8221;][vc_custom_heading text=&#8221;Desarrollamos procesos amigables con el medio ambiente. Veh\u00edculos a los que realizamos el mantenimiento en centros especializados&#8221; font_container=&#8221;tag:p|font_size:18px|text_align:left|color:%23616161|line_height:32px&#8221; use_theme_fonts=&#8221;yes&#8221;]<\/div><\/div><\/div><\/div><\/div><\/div>[\/vc_column][\/vc_row][vc_row full_width=&#8221;stretch_row_content&#8221; gap=&#8221;0&#8243; equal_height=&#8221;yes&#8221; content_placement=&#8221;middle&#8221; css=&#8221;.vc_custom_1647824091845{padding-top: 0px !important;}&#8221;][vc_column animation_delay=&#8221;0&#8243; width=&#8221;1\/2&#8243; offset=&#8221;vc_col-xs-12&#8243;]<div class=\"et-stylish-box stylish-hover top\"><a href=\"https:\/\/play.google.com\/store\/apps\/details?id=ingenieriaydesarrollo.tranportoursas&#038;hl=es_CO&#038;gl=US\" target=\"_blank\"><div class=\"image post-image\"><div class=\"image-container\"><img width=\"1200\" height=\"640\" src=\"https:\/\/transportour.com.co\/wp-content\/uploads\/2022\/04\/apptransportour12-1200x640.png\" alt=\"\"><\/div><\/div><div class=\"stylish-line-box\"><div class=\"stylish-line-wrapper\"><div class=\"stylish-line\"><span class=\"stylish-line-ghost\"><span class=\"stylish-line-ghost-before\"><\/span><span class=\"stylish-line-ghost-middle\"><\/span><span class=\"stylish-line-ghost-after\"><\/span><\/span><p class=\"stylish-subtitle\">SOLUCIONES TECNOLOGICAS<\/p><h3 class=\"stylish-title\" style=\"font-size:32px;line-height:40px;\" data-mobile-font=\"18px\" data-tablet-font=\"inherit\">APLICACI\u00d3N MOBILE DE ALISTAMIENTOS DIARIOS<\/h3><\/div><\/div><\/div><\/a><\/div>[\/vc_column][vc_column animation_delay=&#8221;0&#8243; width=&#8221;1\/2&#8243;]<div class=\"et-stylish-box stylish-hover top\"><a href=\"https:\/\/ingenieriaydesarrollo.xyz\/#servicios\" target=\"_blank\"><div class=\"image post-image\"><div class=\"image-container\"><img width=\"1200\" height=\"640\" src=\"https:\/\/transportour.com.co\/wp-content\/uploads\/2022\/08\/WhatsApp-Image-2022-08-11-at-11.44.33-AM-1200x640.jpeg\" alt=\"\"><\/div><\/div><div class=\"stylish-line-box\"><div class=\"stylish-line-wrapper\"><div class=\"stylish-line\"><span class=\"stylish-line-ghost\"><span class=\"stylish-line-ghost-before\"><\/span><span class=\"stylish-line-ghost-middle\"><\/span><span class=\"stylish-line-ghost-after\"><\/span><\/span><p class=\"stylish-subtitle\">SOLUCIONES TECNOLOGICAS<\/p><h3 class=\"stylish-title\" style=\"font-size:32px;line-height:40px;\" data-mobile-font=\"18px\" data-tablet-font=\"inherit\">SOFTWARE DE ADMINISTRACI\u00d3N DE FLOTA<\/h3><\/div><\/div><\/div><\/a><\/div>[\/vc_column][\/vc_row][vc_row gap=&#8221;80&#8243; css=&#8221;.vc_custom_1531832833730{padding-top: 64px !important;padding-bottom: 48px !important;}&#8221;][vc_column animation_delay=&#8221;0&#8243; offset=&#8221;vc_col-lg-6 vc_col-md-6 vc_col-xs-12&#8243;]<h6 class=\"et-highlight-title \" style=\"font-size:12px;font-weight:700;line-height:24px;letter-spacing:0.5px;color:#9a9a9a;\" data-mobile-font=\"inherit\" data-tablet-font=\"inherit\"><span class=\"title-inner\">PREGUNTAS Y RESPUESTAS FRECUENTES<span class=\"highlight-line\" style=\"background-color:#fd8c40;\"><\/span><\/span><\/h6><h3 id=\"et-animated-title-2\" class=\"et-animated-title et-clearfix  words-direct\" data-mobile-font=\"32px\" data-tablet-font=\"inherit\" data-delay=\"100\" style=\"font-size:48px;font-weight:700;line-height:56px;color:#212121;\"><span class=\"text-wrapper\"><span class=\"text\">Respuestas Frecuentes<\/span><\/span><\/h3><div class=\"gap et-clearfix \" style=\"height:48px\"><\/div><div class=\"et-accordion-wrapper\"><div id=\"et-accordion-1\" class=\"et-accordion et-clearfix collapsible-true\"><div class=\"active  toggle-title et-clearfix\"><h5 class=\"toggle-title-tag\">\u00bfCu\u00e1ndo debo realizar la primera revisi\u00f3n tecnomec\u00e1nica a mi veh\u00edculo?<\/h5><span class=\"toggle-ind fa fa-plus\"><\/span><\/div> <div id=\"cuando-debo-realizar-la-primera-revision-tecnomecanica-a-mi-vehiculo-1\" class=\"toggle-content et-clearfix\">[vc_column_text]El art\u00edculo 52 de la Ley 769 de 2002 modificado por el art\u00edculo 202 del Decreto 019 de 2012, establece que para los veh\u00edculos nuevos de servicio particular, diferentes a motocicletas y similares, la primera revisi\u00f3n t\u00e9cnico-mec\u00e1nica y de emisiones contaminantes debe realizarse a los seis (6) a\u00f1os contados a partir de la fecha de su matr\u00edcula y posteriormente cada a\u00f1o.<\/p>\n<p>Para<strong> los veh\u00edculos nuevos de servicio p\u00fablico<\/strong>, as\u00ed como motocicletas y similares,<strong> la primera revisi\u00f3n t\u00e9cnico-mec\u00e1nica y de emisiones contaminantes debe realizarse a los dos (2) a\u00f1os contados a partir de la fecha de su matr\u00edcula y posteriormente cada a\u00f1o<\/strong> para m\u00e1s informaci\u00f3n consulte el Decreto Ley 019 de 2012.[\/vc_column_text]<\/div><div class=\"active  toggle-title et-clearfix\"><h5 class=\"toggle-title-tag\">\u00bfQu\u00e9 puedo hacer si salgo sin documentos del veh\u00edculo y en la v\u00eda me requiere un agente de tr\u00e1nsito?<\/h5><span class=\"toggle-ind fa fa-plus\"><\/span><\/div> <div id=\"que-puedo-hacer-si-salgo-sin-documentos-del-vehiculo-y-en-la-via-me-requiere-un-agente-de-transito-2\" class=\"toggle-content et-clearfix\">[vc_column_text el_class=&#8221;text-justify&#8221;]En evento de conducir un veh\u00edculo sin portar los documentos que permitan realizar tal actividad, de ser requerido por un agente de tr\u00e1nsito es preciso referirse a la retenci\u00f3n preventiva de automotores contenida en el Manual de Infracciones a las normas de tr\u00e1nsito, adoptado por la Resoluci\u00f3n 3027 del 26 de julio de 2010 proferida por el Ministerio de Transporte \u201cPor la cual se actualiza la codificaci\u00f3n de las infracciones de tr\u00e1nsito, de conformidad con lo establecido en la Ley 1383 de 2010, se adopta el Manual de Infracciones y se dictan otras disposiciones\u201d, se\u00f1alando en el art\u00edculo 3\u00ba que la autoridad de tr\u00e1nsito podr\u00e1 en forma preventiva inmovilizar un veh\u00edculo sin llevarlo a patios oficiales cuando se presente la comisi\u00f3n de una infracci\u00f3n que de acuerdo a lo previsto en la Ley 769 de 2002 el veh\u00edculo no pueda transitar, hasta tanto se subsane la causa que dio origen a la inmovilizaci\u00f3n y por un t\u00e9rmino m\u00e1ximo de 60 minutos, y de no efectuarse la correcci\u00f3n durante este t\u00e9rmino, ser\u00e1 trasladado el veh\u00edculo a los parqueaderos autorizados. El Cap\u00edtulo 7 del T\u00edtulo 3 del\u00a0 citado Manual de infracciones, hace referencia a las infracciones que estar\u00edan previstas para la pluricitada retenci\u00f3n preventiva de veh\u00edculos.<\/p>\n<p>Al respecto,\u00a0 si bien es cierto el veh\u00edculo estar\u00eda retenido preventivamente hasta tanto se subsane la causa que dio origen a la inmovilizaci\u00f3n y por un t\u00e9rmino m\u00e1ximo de 60 minutos, esto no es \u00f3bice para que la autoridad de tr\u00e1nsito decida imponer el respectivo comparendo, toda vez que la conducta infractora ya fue consumada.[\/vc_column_text]<\/div><\/div><\/div>[\/vc_column][vc_column animation_delay=&#8221;150&#8243; css_animation=&#8221;right-to-left&#8221; over768_under_1024_padding_left=&#8221;15%&#8221; over768_under_1024_padding_right=&#8221;15%&#8221; offset=&#8221;vc_col-lg-6 vc_col-md-6 vc_col-xs-12&#8243; el_class=&#8221;text767-align-center&#8221;]<div class=\"gap et-clearfix \" style=\"height:82px\"><\/div>[vc_custom_heading text=&#8221;\u00bfPorque escogernos?&#8221; font_container=&#8221;tag:div|font_size:18px|text_align:center|color:%23ffffff|line_height:32px&#8221; google_fonts=&#8221;font_family:Montserrat%3Aregular%2C700|font_style:700%20bold%20regular%3A700%3Anormal&#8221; css=&#8221;.vc_custom_1650050603247{margin-left: 72px !important;padding-top: 8px !important;padding-right: 16px !important;padding-bottom: 8px !important;padding-left: 16px !important;background-color: #fd8c40 !important;}&#8221; el_class=&#8221;heading-display-inline-block&#8221;]<div class=\"gap et-clearfix \" style=\"height:48px\"><\/div><div class=\"et-content-box-wrapper\"><style>#et-content-box-3 .et-icon-wrap {border-radius:500px;}<\/style><div id=\"et-content-box-3\" class=\"et-content-box et-item-set et-clearfix hover-none small icon-position-left icon-alignment-left effect-type-sequential effect-none\" data-columns=\"1\"><div class=\"box-item-wrapper et-item et-box-item\"><style>#box-item-8 .et-icon-wrap {box-shadow:inset 0 0 0 4px #fd8c40;}#box-item-8 .et-icon-wrap > .et-icon {color:#fd8c40;}#box-item-8:hover .et-icon-wrap {box-shadow:inset 0 0 0 4px #212121;}#box-item-8:hover .et-icon-wrap > .et-icon {color:#212121;}<\/style><div id=\"box-item-8\"  class=\"box-item-inner et-item-inner\"><div class=\"box-item-content-wrapper et-clearfix\"><div class=\"et-icon-wrap full\"><span class=\"box-hover\" style=\"width:calc(100% - 8px);height:calc(100% - 8px);\" ><\/span><span class=\"glint\" style=\"background-color:#212121;\"><\/span><span class=\"et-icon fa fa-check\"><\/span><\/div><div class=\"clearfix\"><\/div><div class=\"box-item-content et-clearfix\">[vc_custom_heading text=&#8221;EMPRESA LEGALMENTE HABILITADA&#8221; font_container=&#8221;tag:h6|font_size:18px|text_align:left|color:%23212121|line_height:32px&#8221; use_theme_fonts=&#8221;yes&#8221; css=&#8221;.vc_custom_1650050835147{margin-bottom: 8px !important;}&#8221;][vc_custom_heading text=&#8221;Contamos con la habilitaci\u00f3n del Ministerio de Transporte para la prestaci\u00f3n de servicios de transporte especial de pasajeros.&#8221; font_container=&#8221;tag:p|font_size:18px|text_align:justify|color:%23616161|line_height:32px&#8221; use_theme_fonts=&#8221;yes&#8221;]<\/div><\/div><\/div><\/div><div class=\"box-item-wrapper et-item et-box-item\"><style>#box-item-9 .et-icon-wrap {box-shadow:inset 0 0 0 4px #fd8c40;}#box-item-9 .et-icon-wrap > .et-icon {color:#fd8c40;}#box-item-9:hover .et-icon-wrap {box-shadow:inset 0 0 0 4px #212121;}#box-item-9:hover .et-icon-wrap > .et-icon {color:#212121;}<\/style><div id=\"box-item-9\"  class=\"box-item-inner et-item-inner\"><div class=\"box-item-content-wrapper et-clearfix\"><div class=\"et-icon-wrap full\"><span class=\"box-hover\" style=\"width:calc(100% - 8px);height:calc(100% - 8px);\" ><\/span><span class=\"glint\" style=\"background-color:#212121;\"><\/span><span class=\"et-icon fa fa-check\"><\/span><\/div><div class=\"clearfix\"><\/div><div class=\"box-item-content et-clearfix\">[vc_custom_heading text=&#8221;CERTIFICACIONES ISO&#8221; font_container=&#8221;tag:h6|font_size:18px|text_align:left|color:%23212121|line_height:32px&#8221; use_theme_fonts=&#8221;yes&#8221; css=&#8221;.vc_custom_1650050979910{margin-bottom: 8px !important;}&#8221;][vc_custom_heading text=&#8221;Certificaciones con las que actualmente cuenta nuestra empresa: ISO 9001: 2015; ISO 45001:2018.&#8221; font_container=&#8221;tag:p|font_size:18px|text_align:justify|color:%23616161|line_height:32px&#8221; use_theme_fonts=&#8221;yes&#8221;]<\/div><\/div><\/div><\/div><div class=\"box-item-wrapper et-item et-box-item\"><style>#box-item-10 .et-icon-wrap {box-shadow:inset 0 0 0 4px #fd8c40;}#box-item-10 .et-icon-wrap > .et-icon {color:#fd8c40;}#box-item-10:hover .et-icon-wrap {box-shadow:inset 0 0 0 4px #212121;}#box-item-10:hover .et-icon-wrap > .et-icon {color:#212121;}<\/style><div id=\"box-item-10\"  class=\"box-item-inner et-item-inner\"><div class=\"box-item-content-wrapper et-clearfix\"><div class=\"et-icon-wrap full\"><span class=\"box-hover\" style=\"width:calc(100% - 8px);height:calc(100% - 8px);\" ><\/span><span class=\"glint\" style=\"background-color:#212121;\"><\/span><span class=\"et-icon fa fa-check\"><\/span><\/div><div class=\"clearfix\"><\/div><div class=\"box-item-content et-clearfix\">[vc_custom_heading text=&#8221;PARQUE AUTOMOTOR&#8221; font_container=&#8221;tag:h6|font_size:18px|text_align:left|color:%23212121|line_height:32px&#8221; use_theme_fonts=&#8221;yes&#8221; css=&#8221;.vc_custom_1650051392986{margin-bottom: 8px !important;}&#8221;][vc_custom_heading text=&#8221;Nuestro parque automotor se compone de los siguientes tipos de veh\u00edculos autorizados por resoluci\u00f3n de capacidad transportadora del ministerio de Transporte: CAMIONETAS, DOBLE CABINA 4X4, CAMPEROS, MICROBUSES, BUSETAS Y BUSES.&#8221; font_container=&#8221;tag:p|font_size:18px|text_align:justify|color:%23616161|line_height:32px&#8221; use_theme_fonts=&#8221;yes&#8221;]<\/div><\/div><\/div><\/div><\/div><\/div>[\/vc_column][\/vc_row][vc_row full_width=&#8221;stretch_row&#8221; gap=&#8221;0&#8243; fixed_bg=&#8221;true&#8221; css=&#8221;.vc_custom_1647824567494{padding-top: 0px !important;padding-bottom: 100px !important;background: #fd8c40 url(http:\/\/transportour.com.co\/wp-content\/uploads\/2018\/07\/globus_image_small.jpg?id=11411) !important;background-position: center !important;background-repeat: no-repeat !important;background-size: contain !important;}&#8221; el_id=&#8221;background-position-75&#8243; fixed_bg_image=&#8221;11411&#8243;][vc_column]<div class=\"gap et-clearfix hide767\" style=\"height:104px\"><\/div><div class=\"gap et-clearfix hide768\" style=\"height:24px\"><\/div><div class=\"et-ghost-title-wrapper\"><style>#et-ghost-title-1 {min-height:200px;padding-top:100px;}#et-ghost-title-1 .ghost-title {font-size:200px;line-height:200px;font-weight:700;color:rgba(0,0,0,0.1);left:-4px;}<\/style><div id=\"et-ghost-title-1\" class=\"et-ghost-title et-clearfix \" data-mobile-font=\"96px\" data-tablet-font=\"inherit\"><div class=\"ghost-title\">Mas info<\/div><div class=\"ghost-content et-clearfix\">[vc_custom_heading text=&#8221;\u00bfQuieres saber un poco m\u00e1s de TRANSPORTOUR SAS?&#8221; font_container=&#8221;tag:h3|font_size:70px|text_align:left|color:%23ffffff|line_height:70px&#8221; use_theme_fonts=&#8221;yes&#8221; mobile_font_size=&#8221;32px&#8221;]<a target=\"_self\" href=\"http:\/\/transportour.com.co\/wp-content\/uploads\/2022\/10\/Politica-SGI-TRANSPORTOUR-2022.pdf\" id=\"et-inline-button-1\" style=\"color:#ffffff;\" class=\"et-inline-button inline-button-font-size has-icon  icon-position-right modal-true false\" data-color=\"#ffffff\" data-colorhover=\"#212121\"><span class=\"text\">Politica SGI<span class=\"text-hover\" style=\"background:#212121;\"><\/span><\/span><span class=\"icon fa fa-angle-right\"><\/span><\/a><span class=\"et-gap-inline et-clearfix hide767\" style=\"width:40px\"><\/span><div class=\"gap et-clearfix hide768\" style=\"height:8px\"><\/div><a target=\"_self\" href=\"https:\/\/transportour.com.co\/index.php\/certificaciones\/\" id=\"et-inline-button-2\" style=\"color:#ffffff;\" class=\"et-inline-button inline-button-font-size has-icon  icon-position-right modal-false false\" data-color=\"#ffffff\" data-colorhover=\"#212121\"><span class=\"text\">Certificaciones<span class=\"text-hover\" style=\"background:#212121;\"><\/span><\/span><span class=\"icon fa fa-angle-right\"><\/span><\/a><span class=\"et-gap-inline et-clearfix hide767\" style=\"width:40px\"><\/span><div class=\"gap et-clearfix hide768\" style=\"height:8px\"><\/div><a target=\"_self\" href=\"https:\/\/transportour.com.co\/index.php\/empresa\/\" id=\"et-inline-button-3\" style=\"color:#ffffff;\" class=\"et-inline-button inline-button-font-size has-icon  icon-position-right modal-false false\" data-color=\"#ffffff\" data-colorhover=\"#212121\"><span class=\"text\">Empresa<span class=\"text-hover\" style=\"background:#212121;\"><\/span><\/span><span class=\"icon fa fa-angle-right\"><\/span><\/a><span class=\"et-gap-inline et-clearfix hide767\" style=\"width:40px\"><\/span><div class=\"gap et-clearfix hide768\" style=\"height:8px\"><\/div><a target=\"_self\" href=\"#link\" id=\"et-inline-button-4\" style=\"color:#ffffff;\" class=\"et-inline-button inline-button-font-size has-icon  icon-position-right modal-false false\" data-color=\"#ffffff\" data-colorhover=\"#212121\"><span class=\"text\">Contacto<span class=\"text-hover\" style=\"background:#212121;\"><\/span><\/span><span class=\"icon fa fa-angle-right\"><\/span><\/a><\/div><\/div><\/div><div class=\"gap et-clearfix hide768\" style=\"height:48px\"><\/div><div class=\"gap et-clearfix hide767\" style=\"height:150px\"><\/div>[\/vc_column][\/vc_row][vc_row][vc_column]\n            <div \n                class=\"elfsight-widget-whatsapp-chat elfsight-widget\" \n                data-elfsight-whatsapp-chat-options=\"%7B%22facebookSubgoup%22%3Anull%2C%22whatsappSubgoup%22%3Anull%2C%22telegramSubgoup%22%3Anull%2C%22viberSubgoup%22%3Anull%2C%22rumbletalkSubgoup%22%3Anull%2C%22divider-1%22%3Anull%2C%22userAccessToken%22%3Anull%2C%22page%22%3Anull%2C%22phone%22%3A%22%2B573113650445%22%2C%22link%22%3Anull%2C%22userAccessTokenBubbleSubgroup%22%3Anull%2C%22bubbleIcon%22%3A%22whatsapp-chat%22%2C%22bubbleText%22%3Anull%2C%22picture%22%3A%22library%22%2C%22pictureLibrary%22%3A%7B%22photo%22%3A%22https%3A%5C%2F%5C%2Fpbs.twimg.com%5C%2Fprofile_images%5C%2F951055655594545153%5C%2FF6eybr-i.jpg%22%7D%2C%22pictureCustom%22%3Anull%2C%22name%22%3A%22AGENTE%20COMERCIAL%22%2C%22nameCaptionType%22%3A%22custom%22%2C%22nameCaptionReplyTime%22%3A%22Typically%20replies%20within%20a%20day%22%2C%22nameCaptionCustom%22%3A%22En%20breves%20minutos%22%2C%22welcomeMessage%22%3A%22Hola%5Cud83d%5Cudc4b%3Cbr%3E%3Cbr%3E%5Cu00bfC%5Cu00f3mo%20puedo%20ayudarte%3F%22%2C%22buttonText%22%3A%22Iniciar%20Chat%22%2C%22buttonIconVisible%22%3Atrue%2C%22position%22%3A%22floating%22%2C%22align%22%3A%22left%22%2C%22whereToDisplayChat%22%3A%22allPages%22%2C%22excludedPages%22%3A%5B%5D%2C%22specificPages%22%3A%5B%5D%2C%22devicesToDisplay%22%3A%5B%22mobile%22%2C%22desktop%22%5D%2C%22showChatTo%22%3A%22allVisitors%22%2C%22displayDays%22%3A%5B0%2C1%2C2%2C3%2C4%2C5%2C6%5D%2C%22timeSchedule%22%3Afalse%2C%22displayStartTime%22%3A%2200%3A00%22%2C%22displayEndTime%22%3A%2200%3A00%22%2C%22timeZone%22%3A0%2C%22timeOnPage%22%3A0%2C%22timeOnSite%22%3A0%2C%22scrollPosition%22%3A0%2C%22exiIntent%22%3Afalse%2C%22notifications%22%3A%5B%22bubbleBadge%22%2C%22tabTitle%22%5D%2C%22headerBackgroundColor%22%3A%22rgb%289%2C%2094%2C%2084%29%22%2C%22buttonColor%22%3A%22rgb%2879%2C%20206%2C%2093%29%22%2C%22bubbleBackgroundColor%22%3A%22rgb%28255%2C%20255%2C%20255%29%22%2C%22bubbleIconColor%22%3A%22rgb%2879%2C%20206%2C%2093%29%22%2C%22windowBackgroundColor%22%3A%22rgb%28230%2C%20221%2C%20212%29%22%2C%22windowBackgroundPattern%22%3A%22https%3A%5C%2F%5C%2Felfsight.com%5C%2Fassets%5C%2Fchats%5C%2Fpatterns%5C%2Fwhatsapp.png%22%2C%22buttonBorderRadius%22%3A20%2C%22widgetId%22%3A%222%22%7D\" \n                data-elfsight-whatsapp-chat-version=\"1.2.0\"\n                data-elfsight-widget-id=\"elfsight-whatsapp-chat-2\">\n            <\/div>\n            [\/vc_column][\/vc_row]<\/p>\n","protected":false},"excerpt":{"rendered":"<p>Leverage agile frameworks to provide a robust synopsis for high level overviews. Iterative approaches to corporate strategy foster collaborative thinking to further the overall value proposition. Organically grow the holistic world view of disruptive innovation via workplace diversity and empowerment.<\/p>\n","protected":false},"author":1,"featured_media":0,"parent":0,"menu_order":0,"comment_status":"closed","ping_status":"closed","template":"page-vc.php","meta":{"_monsterinsights_skip_tracking":false,"_monsterinsights_sitenote_active":false,"_monsterinsights_sitenote_note":"","_monsterinsights_sitenote_category":0},"_links":{"self":[{"href":"https:\/\/transportour.com.co\/index.php\/wp-json\/wp\/v2\/pages\/3389"}],"collection":[{"href":"https:\/\/transportour.com.co\/index.php\/wp-json\/wp\/v2\/pages"}],"about":[{"href":"https:\/\/transportour.com.co\/index.php\/wp-json\/wp\/v2\/types\/page"}],"author":[{"embeddable":true,"href":"https:\/\/transportour.com.co\/index.php\/wp-json\/wp\/v2\/users\/1"}],"replies":[{"embeddable":true,"href":"https:\/\/transportour.com.co\/index.php\/wp-json\/wp\/v2\/comments?post=3389"}],"version-history":[{"count":191,"href":"https:\/\/transportour.com.co\/index.php\/wp-json\/wp\/v2\/pages\/3389\/revisions"}],"predecessor-version":[{"id":14391,"href":"https:\/\/transportour.com.co\/index.php\/wp-json\/wp\/v2\/pages\/3389\/revisions\/14391"}],"wp:attachment":[{"href":"https:\/\/transportour.com.co\/index.php\/wp-json\/wp\/v2\/media?parent=3389"}],"curies":[{"name":"wp","href":"https:\/\/api.w.org\/{rel}","templated":true}]}}